{"id":312,"date":"2023-04-26T07:03:56","date_gmt":"2023-04-26T05:03:56","guid":{"rendered":"https:\/\/feriadellibrodeteruel.com\/?page_id=312"},"modified":"2026-04-22T00:36:08","modified_gmt":"2026-04-21T22:36:08","slug":"autores","status":"publish","type":"page","link":"https:\/\/feriadellibrodeteruel.com\/en\/participantes\/autores\/","title":{"rendered":"Authors"},"content":{"rendered":"<section class=\"l-section wpb_row height_auto width_full\"><div class=\"l-section-h i-cf\"><div class=\"g-cols vc_row via_flex valign_top type_default stacking_default\"><div class=\"vc_col-sm-12 wpb_column vc_column_container\"><div class=\"vc_column-inner\"><div class=\"wpb_wrapper\"><section class=\"l-section wpb_row us_custom_90eb5cf5 us_animate_this height_medium\"><div class=\"l-section-h i-cf\"><div class=\"g-cols vc_row via_flex valign_top type_default stacking_default\"><div class=\"vc_col-sm-12 wpb_column vc_column_container\"><div class=\"vc_column-inner\"><div class=\"wpb_wrapper\"><div class=\"g-cols wpb_row via_flex valign_top type_default stacking_default\"><div class=\"vc_col-sm-2 wpb_column vc_column_container\"><div class=\"vc_column-inner\"><div class=\"wpb_wrapper\"><\/div><\/div><\/div><div class=\"vc_col-sm-8 wpb_column vc_column_container\"><div class=\"vc_column-inner\"><div class=\"wpb_wrapper\"><div class=\"w-separator hide_on_default hide_on_laptops size_medium\"><\/div><div class=\"w-separator size_medium\"><\/div><h1 class=\"w-post-elm post_title us_custom_71e79a25 has_text_color us_animate_this align_center entry-title color_link_inherit\">Autores<\/h1><nav class=\"g-breadcrumbs us_custom_dbf5cde5 has_text_color us_animate_this separator_icon align_center\" itemscope itemtype=\"http:\/\/schema.org\/BreadcrumbList\"><div class=\"g-breadcrumbs-item\" itemscope itemprop=\"itemListElement\" itemtype=\"http:\/\/schema.org\/ListItem\"><a itemprop=\"item\" href=\"https:\/\/feriadellibrodeteruel.com\/en\/\"><span itemprop=\"name\">Home<\/span><\/a><meta itemprop=\"position\" content=\"1\"\/><\/div><div class=\"g-breadcrumbs-separator\"><i class=\"far fa-angle-double-right\"><\/i><\/div><div class=\"g-breadcrumbs-item\">Pages<\/div><\/nav><div class=\"w-separator size_medium\"><\/div><div class=\"w-separator hide_on_default hide_on_laptops size_medium\"><\/div><\/div><\/div><\/div><div class=\"vc_col-sm-2 wpb_column vc_column_container\"><div class=\"vc_column-inner\"><div class=\"wpb_wrapper\"><\/div><\/div><\/div><\/div><\/div><\/div><\/div><\/div><\/div><\/section>\n<\/div><\/div><\/div><\/div><\/div><\/section><section class=\"l-section wpb_row height_large\"><div class=\"l-section-h i-cf\"><div class=\"g-cols vc_row via_flex valign_top type_default stacking_default\"><div class=\"vc_col-sm-12 wpb_column vc_column_container\"><div class=\"vc_column-inner us_custom_f70d789f us_animate_this\"><div class=\"wpb_wrapper\"><div class=\"w-html\"><script src=\"https:\/\/cdn.tailwindcss.com\"><\/script>\n<script>\n    tailwind.config = {\n        corePlugins: {\n            preflight: false, \/\/ Evita resetear los estilos de WordPress\n        },\n        theme: {\n            extend: {\n                colors: {\n                    lavender: '#ab7bb4',\n                    coral: '#ea7c96',\n                    mint: '#7bc09b',\n                    teal: '#93c6d6',\n                    yellow: '#f9e076',\n                    cream: '#fdf5f5',\n                    dark: '#4a3b4c',\n                },\n                borderRadius: {\n                    'blob': '40% 60% 70% 30% \/ 40% 50% 60% 50%',\n                },\n                boxShadow: {\n                    'soft': '0 10px 40px -10px rgba(74,59,76,0.08)',\n                }\n            }\n        }\n    }\n<\/script>\n\n<style>\n    .wp-custom-title {\n        color: var(--color-content-heading) !important;\n        font-family: var(--h1-font-family) !important;\n        font-weight: 900 !important;\n        font-size: 20px !important;\n        text-transform: uppercase;\n        margin-bottom: 0;\n    }\n\n    \/* Animaci\u00f3n suave para la tarjeta entera *\/\n    .hover-card-author:hover {\n        transform: translateY(-8px);\n        box-shadow: 0 10px 40px -10px rgba(74,59,76,0.15);\n    }\n<\/style>\n\n<div class=\"w-full max-w-6xl mx-auto py-12 px-4 sm:px-6 lg:px-8\">\n    \n    <div class=\"grid grid-cols-1 sm:grid-cols-2 lg:grid-cols-3 gap-8\">\n\n        <div class=\"group relative bg-white p-6 rounded-[2rem] text-center transition-all duration-300 shadow-soft hover-card-author border border-gray-50\">\n            <div class=\"w-48 h-48 mx-auto mb-6 relative\">\n                <div class=\"absolute inset-0 bg-lavender rounded-blob group-hover:rotate-45 transition-transform duration-500 scale-110\"><\/div>\n                <img decoding=\"async\" src=\"https:\/\/feriadellibrodeteruel.com\/wp-content\/uploads\/2026\/04\/luz-gabas.webp\" alt=\"Luz Gab\u00e1s\" class=\"relative w-full h-full object-cover rounded-full border-4 border-white bg-gray-100\">\n            <\/div>\n            <h3 class=\"wp-custom-title\">Luz Gab\u00e1s<\/h3>\n        <\/div>\n\n        <div class=\"group relative bg-white p-6 rounded-[2rem] text-center transition-all duration-300 shadow-soft hover-card-author border border-gray-50\">\n            <div class=\"w-48 h-48 mx-auto mb-6 relative\">\n                <div class=\"absolute inset-0 bg-coral rounded-blob group-hover:rotate-45 transition-transform duration-500 scale-110\"><\/div>\n                <img decoding=\"async\" src=\"https:\/\/feriadellibrodeteruel.com\/wp-content\/uploads\/2026\/04\/elsa-punset.webp\" alt=\"Elsa Punset\" class=\"relative w-full h-full object-cover rounded-full border-4 border-white bg-gray-100\">\n            <\/div>\n            <h3 class=\"wp-custom-title\">Elsa Punset<\/h3>\n        <\/div>\n\n        <div class=\"group relative bg-white p-6 rounded-[2rem] text-center transition-all duration-300 shadow-soft hover-card-author border border-gray-50\">\n            <div class=\"w-48 h-48 mx-auto mb-6 relative\">\n                <div class=\"absolute inset-0 bg-mint rounded-blob group-hover:rotate-45 transition-transform duration-500 scale-110\"><\/div>\n                <img decoding=\"async\" src=\"https:\/\/feriadellibrodeteruel.com\/wp-content\/uploads\/2026\/04\/fernando-jauregui.webp\" alt=\"Fernando J\u00e1uregui\" class=\"relative w-full h-full object-cover rounded-full border-4 border-white bg-gray-100\">\n            <\/div>\n            <h3 class=\"wp-custom-title\">Fernando J\u00e1uregui<\/h3>\n        <\/div>\n\n        <div class=\"group relative bg-white p-6 rounded-[2rem] text-center transition-all duration-300 shadow-soft hover-card-author border border-gray-50\">\n            <div class=\"w-48 h-48 mx-auto mb-6 relative\">\n                <div class=\"absolute inset-0 bg-teal rounded-blob group-hover:rotate-45 transition-transform duration-500 scale-110\"><\/div>\n                <img decoding=\"async\" src=\"https:\/\/feriadellibrodeteruel.com\/wp-content\/uploads\/2026\/04\/javier-sierra.webp\" alt=\"Javier Sierra\" class=\"relative w-full h-full object-cover rounded-full border-4 border-white bg-gray-100\">\n            <\/div>\n            <h3 class=\"wp-custom-title\">Javier Sierra<\/h3>\n        <\/div>\n\n        <div class=\"group relative bg-white p-6 rounded-[2rem] text-center transition-all duration-300 shadow-soft hover-card-author border border-gray-50\">\n            <div class=\"w-48 h-48 mx-auto mb-6 relative\">\n                <div class=\"absolute inset-0 bg-yellow rounded-blob group-hover:rotate-45 transition-transform duration-500 scale-110\"><\/div>\n                <img decoding=\"async\" src=\"https:\/\/feriadellibrodeteruel.com\/wp-content\/uploads\/2026\/04\/blue-jeans.webp\" alt=\"Blue Jeans\" class=\"relative w-full h-full object-cover rounded-full border-4 border-white bg-gray-100\">\n            <\/div>\n            <h3 class=\"wp-custom-title\">Blue Jeans<\/h3>\n        <\/div>\n\n        <div class=\"group relative bg-white p-6 rounded-[2rem] text-center transition-all duration-300 shadow-soft hover-card-author border border-gray-50\">\n            <div class=\"w-48 h-48 mx-auto mb-6 relative\">\n                <div class=\"absolute inset-0 bg-lavender rounded-blob group-hover:rotate-45 transition-transform duration-500 scale-110\"><\/div>\n                <img decoding=\"async\" src=\"https:\/\/feriadellibrodeteruel.com\/wp-content\/uploads\/2026\/04\/julian-casanova.webp\" alt=\"Juli\u00e1n Casanova\" class=\"relative w-full h-full object-cover rounded-full border-4 border-white bg-gray-100\">\n            <\/div>\n            <h3 class=\"wp-custom-title\">Juli\u00e1n Casanova<\/h3>\n        <\/div>\n\n        <div class=\"group relative bg-white p-6 rounded-[2rem] text-center transition-all duration-300 shadow-soft hover-card-author border border-gray-50\">\n            <div class=\"w-48 h-48 mx-auto mb-6 relative\">\n                <div class=\"absolute inset-0 bg-coral rounded-blob group-hover:rotate-45 transition-transform duration-500 scale-110\"><\/div>\n                <img decoding=\"async\" src=\"https:\/\/feriadellibrodeteruel.com\/wp-content\/uploads\/2026\/04\/isabel-san-sebastian.webp\" alt=\"Isabel San Sebasti\u00e1n\" class=\"relative w-full h-full object-cover rounded-full border-4 border-white bg-gray-100\">\n            <\/div>\n            <h3 class=\"wp-custom-title\">Isabel San Sebasti\u00e1n<\/h3>\n        <\/div>\n\n        <div class=\"group relative bg-white p-6 rounded-[2rem] text-center transition-all duration-300 shadow-soft hover-card-author border border-gray-50\">\n            <div class=\"w-48 h-48 mx-auto mb-6 relative\">\n                <div class=\"absolute inset-0 bg-mint rounded-blob group-hover:rotate-45 transition-transform duration-500 scale-110\"><\/div>\n                <img decoding=\"async\" src=\"https:\/\/feriadellibrodeteruel.com\/wp-content\/uploads\/2026\/04\/manuel-vilas.webp\" alt=\"Manuel Vilas\" class=\"relative w-full h-full object-cover rounded-full border-4 border-white bg-gray-100\">\n            <\/div>\n            <h3 class=\"wp-custom-title\">Manuel Vilas<\/h3>\n        <\/div>\n\n        <div class=\"group relative bg-white p-6 rounded-[2rem] text-center transition-all duration-300 shadow-soft hover-card-author border border-gray-50\">\n            <div class=\"w-48 h-48 mx-auto mb-6 relative\">\n                <div class=\"absolute inset-0 bg-teal rounded-blob group-hover:rotate-45 transition-transform duration-500 scale-110\"><\/div>\n                <img decoding=\"async\" src=\"https:\/\/feriadellibrodeteruel.com\/wp-content\/uploads\/2026\/04\/jose-luis-corral.webp\" alt=\"Jos\u00e9 Luis Corral\" class=\"relative w-full h-full object-cover rounded-full border-4 border-white bg-gray-100\">\n            <\/div>\n            <h3 class=\"wp-custom-title\">Jos\u00e9 Luis Corral<\/h3>\n        <\/div>\n\n        <div class=\"group relative bg-white p-6 rounded-[2rem] text-center transition-all duration-300 shadow-soft hover-card-author border border-gray-50\">\n            <div class=\"w-48 h-48 mx-auto mb-6 relative\">\n                <div class=\"absolute inset-0 bg-yellow rounded-blob group-hover:rotate-45 transition-transform duration-500 scale-110\"><\/div>\n                <img decoding=\"async\" src=\"https:\/\/feriadellibrodeteruel.com\/wp-content\/uploads\/2026\/04\/pedro-cifuentes.webp\" alt=\"Pedro Cifuentes\" class=\"relative w-full h-full object-cover rounded-full border-4 border-white bg-gray-100\">\n            <\/div>\n            <h3 class=\"wp-custom-title\">Pedro Cifuentes<\/h3>\n        <\/div>\n\n        <div class=\"group relative bg-white p-6 rounded-[2rem] text-center transition-all duration-300 shadow-soft hover-card-author border border-gray-50\">\n            <div class=\"w-48 h-48 mx-auto mb-6 relative\">\n                <div class=\"absolute inset-0 bg-lavender rounded-blob group-hover:rotate-45 transition-transform duration-500 scale-110\"><\/div>\n                <img decoding=\"async\" src=\"https:\/\/feriadellibrodeteruel.com\/wp-content\/uploads\/2026\/04\/julio-cesar-cano.webp\" alt=\"Julio C\u00e9sar Cano\" class=\"relative w-full h-full object-cover rounded-full border-4 border-white bg-gray-100\">\n            <\/div>\n            <h3 class=\"wp-custom-title\">Julio C\u00e9sar Cano<\/h3>\n        <\/div>\n\n        <div class=\"group relative bg-white p-6 rounded-[2rem] text-center transition-all duration-300 shadow-soft hover-card-author border border-gray-50\">\n            <div class=\"w-48 h-48 mx-auto mb-6 relative\">\n                <div class=\"absolute inset-0 bg-coral rounded-blob group-hover:rotate-45 transition-transform duration-500 scale-110\"><\/div>\n                <img decoding=\"async\" src=\"https:\/\/feriadellibrodeteruel.com\/wp-content\/uploads\/2026\/04\/sebastian-roa.webp\" alt=\"Sebasti\u00e1n Roa\" class=\"relative w-full h-full object-cover rounded-full border-4 border-white bg-gray-100\">\n            <\/div>\n            <h3 class=\"wp-custom-title\">Sebasti\u00e1n Roa<\/h3>\n        <\/div>\n\n        <div class=\"group relative bg-white p-6 rounded-[2rem] text-center transition-all duration-300 shadow-soft hover-card-author border border-gray-50\">\n            <div class=\"w-48 h-48 mx-auto mb-6 relative\">\n                <div class=\"absolute inset-0 bg-mint rounded-blob group-hover:rotate-45 transition-transform duration-500 scale-110\"><\/div>\n                <img decoding=\"async\" src=\"https:\/\/feriadellibrodeteruel.com\/wp-content\/uploads\/2026\/04\/maria-frisa.webp\" alt=\"Mar\u00eda Frisa\" class=\"relative w-full h-full object-cover rounded-full border-4 border-white bg-gray-100\">\n            <\/div>\n            <h3 class=\"wp-custom-title\">Mar\u00eda Frisa<\/h3>\n        <\/div>\n\n        <div class=\"group relative bg-white p-6 rounded-[2rem] text-center transition-all duration-300 shadow-soft hover-card-author border border-gray-50\">\n            <div class=\"w-48 h-48 mx-auto mb-6 relative\">\n                <div class=\"absolute inset-0 bg-teal rounded-blob group-hover:rotate-45 transition-transform duration-500 scale-110\"><\/div>\n                <img decoding=\"async\" src=\"https:\/\/feriadellibrodeteruel.com\/wp-content\/uploads\/2026\/04\/juana-cortes.webp\" alt=\"Juana Cort\u00e9s\" class=\"relative w-full h-full object-cover rounded-full border-4 border-white bg-gray-100\">\n            <\/div>\n            <h3 class=\"wp-custom-title\">Juana Cort\u00e9s<\/h3>\n        <\/div>\n\n        <div class=\"group relative bg-white p-6 rounded-[2rem] text-center transition-all duration-300 shadow-soft hover-card-author border border-gray-50\">\n            <div class=\"w-48 h-48 mx-auto mb-6 relative\">\n                <div class=\"absolute inset-0 bg-yellow rounded-blob group-hover:rotate-45 transition-transform duration-500 scale-110\"><\/div>\n                <img decoding=\"async\" src=\"https:\/\/feriadellibrodeteruel.com\/wp-content\/uploads\/2026\/04\/angelica-morales.webp\" alt=\"Ang\u00e9lica Morales\" class=\"relative w-full h-full object-cover rounded-full border-4 border-white bg-gray-100\">\n            <\/div>\n            <h3 class=\"wp-custom-title\">Ang\u00e9lica Morales<\/h3>\n        <\/div>\n\n        <div class=\"group relative bg-white p-6 rounded-[2rem] text-center transition-all duration-300 shadow-soft hover-card-author border border-gray-50\">\n            <div class=\"w-48 h-48 mx-auto mb-6 relative\">\n                <div class=\"absolute inset-0 bg-lavender rounded-blob group-hover:rotate-45 transition-transform duration-500 scale-110\"><\/div>\n                <img decoding=\"async\" src=\"https:\/\/feriadellibrodeteruel.com\/wp-content\/uploads\/2026\/04\/joaquin-berges.webp\" alt=\"Joaqu\u00edn Berges\" class=\"relative w-full h-full object-cover rounded-full border-4 border-white bg-gray-100\">\n            <\/div>\n            <h3 class=\"wp-custom-title\">Joaqu\u00edn Berges<\/h3>\n        <\/div>\n\n        <div class=\"group relative bg-white p-6 rounded-[2rem] text-center transition-all duration-300 shadow-soft hover-card-author border border-gray-50\">\n            <div class=\"w-48 h-48 mx-auto mb-6 relative\">\n                <div class=\"absolute inset-0 bg-coral rounded-blob group-hover:rotate-45 transition-transform duration-500 scale-110\"><\/div>\n                <img decoding=\"async\" src=\"https:\/\/feriadellibrodeteruel.com\/wp-content\/uploads\/2026\/04\/david-alegre.webp\" alt=\"David Alegre\" class=\"relative w-full h-full object-cover rounded-full border-4 border-white bg-gray-100\">\n            <\/div>\n            <h3 class=\"wp-custom-title\">David Alegre<\/h3>\n        <\/div>\n\n        <div class=\"group relative bg-white p-6 rounded-[2rem] text-center transition-all duration-300 shadow-soft hover-card-author border border-gray-50\">\n            <div class=\"w-48 h-48 mx-auto mb-6 relative\">\n                <div class=\"absolute inset-0 bg-mint rounded-blob group-hover:rotate-45 transition-transform duration-500 scale-110\"><\/div>\n                <img decoding=\"async\" src=\"https:\/\/feriadellibrodeteruel.com\/wp-content\/uploads\/2024\/04\/Autores_0014_Plataforma-Poetas-por-Teruel-.jpg\" alt=\"Plataforma Poetas\" class=\"relative w-full h-full object-cover rounded-full border-4 border-white bg-gray-100\">\n            <\/div>\n            <h3 class=\"wp-custom-title\">Plataforma Poetas<\/h3>\n        <\/div>\n\n    <\/div>\n<\/div><\/div><\/div><\/div><\/div><\/div><\/div><\/section>\n","protected":false},"excerpt":{"rendered":"AutoresHomePages Luz Gab\u00e1s Elsa Punset Fernando J\u00e1uregui Javier Sierra Blue Jeans Juli\u00e1n Casanova Isabel San Sebasti\u00e1n Manuel Vilas Jos\u00e9 Luis Corral Pedro Cifuentes Julio C\u00e9sar Cano Sebasti\u00e1n Roa Mar\u00eda Frisa Juana Cort\u00e9s Ang\u00e9lica Morales Joaqu\u00edn Berges David Alegre Plataforma Poetas","protected":false},"author":2,"featured_media":1174,"parent":402,"menu_order":0,"comment_status":"closed","ping_status":"closed","template":"","meta":{"footnotes":""},"class_list":["post-312","page","type-page","status-publish","has-post-thumbnail","hentry"],"yoast_head":"<!-- This site is optimized with the Yoast SEO plugin v27.4 - https:\/\/yoast.com\/product\/yoast-seo-wordpress\/ -->\n<title>XI Feria del libro y el c\u00f3mic de Teruel | Autores<\/title>\n<meta name=\"robots\" content=\"index, follow, max-snippet:-1, max-image-preview:large, max-video-preview:-1\" \/>\n<link rel=\"canonical\" href=\"https:\/\/feriadellibrodeteruel.com\/en\/participantes\/autores\/\" \/>\n<meta property=\"og:locale\" content=\"en_US\" \/>\n<meta property=\"og:type\" content=\"article\" \/>\n<meta property=\"og:title\" content=\"XI Feria del libro y el c\u00f3mic de Teruel | Autores\" \/>\n<meta property=\"og:url\" content=\"https:\/\/feriadellibrodeteruel.com\/en\/participantes\/autores\/\" \/>\n<meta property=\"og:site_name\" content=\"XI Feria del libro y el c\u00f3mic de Teruel\" \/>\n<meta property=\"article:publisher\" content=\"https:\/\/www.facebook.com\/feriadellibroyelcomicdeteruel\/\" \/>\n<meta property=\"article:modified_time\" content=\"2026-04-21T22:36:08+00:00\" \/>\n<meta property=\"og:image\" content=\"https:\/\/feriadellibrodeteruel.com\/wp-content\/uploads\/2026\/04\/FeriaDelLibroyelComicDeTeruel.jpg\" \/>\n\t<meta property=\"og:image:width\" content=\"1200\" \/>\n\t<meta property=\"og:image:height\" content=\"1200\" \/>\n\t<meta property=\"og:image:type\" content=\"image\/jpeg\" \/>\n<meta name=\"twitter:card\" content=\"summary_large_image\" \/>\n<meta name=\"twitter:site\" content=\"@libroteruel\" \/>\n<meta name=\"twitter:label1\" content=\"Est. reading time\" \/>\n\t<meta name=\"twitter:data1\" content=\"1 minute\" \/>\n<script type=\"application\/ld+json\" class=\"yoast-schema-graph\">{\"@context\":\"https:\\\/\\\/schema.org\",\"@graph\":[{\"@type\":\"WebPage\",\"@id\":\"https:\\\/\\\/feriadellibrodeteruel.com\\\/participantes\\\/autores\\\/\",\"url\":\"https:\\\/\\\/feriadellibrodeteruel.com\\\/participantes\\\/autores\\\/\",\"name\":\"XI Feria del libro y el c\u00f3mic de Teruel | Autores\",\"isPartOf\":{\"@id\":\"https:\\\/\\\/feriadellibrodeteruel.com\\\/#website\"},\"primaryImageOfPage\":{\"@id\":\"https:\\\/\\\/feriadellibrodeteruel.com\\\/participantes\\\/autores\\\/#primaryimage\"},\"image\":{\"@id\":\"https:\\\/\\\/feriadellibrodeteruel.com\\\/participantes\\\/autores\\\/#primaryimage\"},\"thumbnailUrl\":\"https:\\\/\\\/feriadellibrodeteruel.com\\\/wp-content\\\/uploads\\\/2026\\\/04\\\/FeriaDelLibroyelComicDeTeruel.jpg\",\"datePublished\":\"2023-04-26T05:03:56+00:00\",\"dateModified\":\"2026-04-21T22:36:08+00:00\",\"breadcrumb\":{\"@id\":\"https:\\\/\\\/feriadellibrodeteruel.com\\\/participantes\\\/autores\\\/#breadcrumb\"},\"inLanguage\":\"en-US\",\"potentialAction\":[{\"@type\":\"ReadAction\",\"target\":[\"https:\\\/\\\/feriadellibrodeteruel.com\\\/participantes\\\/autores\\\/\"]}]},{\"@type\":\"ImageObject\",\"inLanguage\":\"en-US\",\"@id\":\"https:\\\/\\\/feriadellibrodeteruel.com\\\/participantes\\\/autores\\\/#primaryimage\",\"url\":\"https:\\\/\\\/feriadellibrodeteruel.com\\\/wp-content\\\/uploads\\\/2026\\\/04\\\/FeriaDelLibroyelComicDeTeruel.jpg\",\"contentUrl\":\"https:\\\/\\\/feriadellibrodeteruel.com\\\/wp-content\\\/uploads\\\/2026\\\/04\\\/FeriaDelLibroyelComicDeTeruel.jpg\",\"width\":1200,\"height\":1200},{\"@type\":\"BreadcrumbList\",\"@id\":\"https:\\\/\\\/feriadellibrodeteruel.com\\\/participantes\\\/autores\\\/#breadcrumb\",\"itemListElement\":[{\"@type\":\"ListItem\",\"position\":1,\"name\":\"Portada\",\"item\":\"https:\\\/\\\/feriadellibrodeteruel.com\\\/\"},{\"@type\":\"ListItem\",\"position\":2,\"name\":\"Participantes\",\"item\":\"https:\\\/\\\/feriadellibrodeteruel.com\\\/participantes\\\/\"},{\"@type\":\"ListItem\",\"position\":3,\"name\":\"Autores\"}]},{\"@type\":\"WebSite\",\"@id\":\"https:\\\/\\\/feriadellibrodeteruel.com\\\/#website\",\"url\":\"https:\\\/\\\/feriadellibrodeteruel.com\\\/\",\"name\":\"Feria del libro y el c\u00f3mic de Teruel\",\"description\":\"\",\"publisher\":{\"@id\":\"https:\\\/\\\/feriadellibrodeteruel.com\\\/#organization\"},\"potentialAction\":[{\"@type\":\"SearchAction\",\"target\":{\"@type\":\"EntryPoint\",\"urlTemplate\":\"https:\\\/\\\/feriadellibrodeteruel.com\\\/?s={search_term_string}\"},\"query-input\":{\"@type\":\"PropertyValueSpecification\",\"valueRequired\":true,\"valueName\":\"search_term_string\"}}],\"inLanguage\":\"en-US\"},{\"@type\":\"Organization\",\"@id\":\"https:\\\/\\\/feriadellibrodeteruel.com\\\/#organization\",\"name\":\"Feria del libro y el c\u00f3mic de Teruel\",\"url\":\"https:\\\/\\\/feriadellibrodeteruel.com\\\/\",\"logo\":{\"@type\":\"ImageObject\",\"inLanguage\":\"en-US\",\"@id\":\"https:\\\/\\\/feriadellibrodeteruel.com\\\/#\\\/schema\\\/logo\\\/image\\\/\",\"url\":\"https:\\\/\\\/feriadellibrodeteruel.com\\\/wp-content\\\/uploads\\\/2023\\\/04\\\/FeriaDelLibroyelComicDeTeruel.jpg\",\"contentUrl\":\"https:\\\/\\\/feriadellibrodeteruel.com\\\/wp-content\\\/uploads\\\/2023\\\/04\\\/FeriaDelLibroyelComicDeTeruel.jpg\",\"width\":1200,\"height\":1200,\"caption\":\"Feria del libro y el c\u00f3mic de Teruel\"},\"image\":{\"@id\":\"https:\\\/\\\/feriadellibrodeteruel.com\\\/#\\\/schema\\\/logo\\\/image\\\/\"},\"sameAs\":[\"https:\\\/\\\/www.facebook.com\\\/feriadellibroyelcomicdeteruel\\\/\",\"https:\\\/\\\/x.com\\\/libroteruel\"]}]}<\/script>\n<!-- \/ Yoast SEO plugin. -->","yoast_head_json":{"title":"XI Feria del libro y el c\u00f3mic de Teruel | Autores","robots":{"index":"index","follow":"follow","max-snippet":"max-snippet:-1","max-image-preview":"max-image-preview:large","max-video-preview":"max-video-preview:-1"},"canonical":"https:\/\/feriadellibrodeteruel.com\/en\/participantes\/autores\/","og_locale":"en_US","og_type":"article","og_title":"XI Feria del libro y el c\u00f3mic de Teruel | Autores","og_url":"https:\/\/feriadellibrodeteruel.com\/en\/participantes\/autores\/","og_site_name":"XI Feria del libro y el c\u00f3mic de Teruel","article_publisher":"https:\/\/www.facebook.com\/feriadellibroyelcomicdeteruel\/","article_modified_time":"2026-04-21T22:36:08+00:00","og_image":[{"width":1200,"height":1200,"url":"https:\/\/feriadellibrodeteruel.com\/wp-content\/uploads\/2026\/04\/FeriaDelLibroyelComicDeTeruel.jpg","type":"image\/jpeg"}],"twitter_card":"summary_large_image","twitter_site":"@libroteruel","twitter_misc":{"Est. reading time":"1 minute"},"schema":{"@context":"https:\/\/schema.org","@graph":[{"@type":"WebPage","@id":"https:\/\/feriadellibrodeteruel.com\/participantes\/autores\/","url":"https:\/\/feriadellibrodeteruel.com\/participantes\/autores\/","name":"XI Feria del libro y el c\u00f3mic de Teruel | Autores","isPartOf":{"@id":"https:\/\/feriadellibrodeteruel.com\/#website"},"primaryImageOfPage":{"@id":"https:\/\/feriadellibrodeteruel.com\/participantes\/autores\/#primaryimage"},"image":{"@id":"https:\/\/feriadellibrodeteruel.com\/participantes\/autores\/#primaryimage"},"thumbnailUrl":"https:\/\/feriadellibrodeteruel.com\/wp-content\/uploads\/2026\/04\/FeriaDelLibroyelComicDeTeruel.jpg","datePublished":"2023-04-26T05:03:56+00:00","dateModified":"2026-04-21T22:36:08+00:00","breadcrumb":{"@id":"https:\/\/feriadellibrodeteruel.com\/participantes\/autores\/#breadcrumb"},"inLanguage":"en-US","potentialAction":[{"@type":"ReadAction","target":["https:\/\/feriadellibrodeteruel.com\/participantes\/autores\/"]}]},{"@type":"ImageObject","inLanguage":"en-US","@id":"https:\/\/feriadellibrodeteruel.com\/participantes\/autores\/#primaryimage","url":"https:\/\/feriadellibrodeteruel.com\/wp-content\/uploads\/2026\/04\/FeriaDelLibroyelComicDeTeruel.jpg","contentUrl":"https:\/\/feriadellibrodeteruel.com\/wp-content\/uploads\/2026\/04\/FeriaDelLibroyelComicDeTeruel.jpg","width":1200,"height":1200},{"@type":"BreadcrumbList","@id":"https:\/\/feriadellibrodeteruel.com\/participantes\/autores\/#breadcrumb","itemListElement":[{"@type":"ListItem","position":1,"name":"Portada","item":"https:\/\/feriadellibrodeteruel.com\/"},{"@type":"ListItem","position":2,"name":"Participantes","item":"https:\/\/feriadellibrodeteruel.com\/participantes\/"},{"@type":"ListItem","position":3,"name":"Autores"}]},{"@type":"WebSite","@id":"https:\/\/feriadellibrodeteruel.com\/#website","url":"https:\/\/feriadellibrodeteruel.com\/","name":"Feria del libro y el c\u00f3mic de Teruel","description":"","publisher":{"@id":"https:\/\/feriadellibrodeteruel.com\/#organization"},"potentialAction":[{"@type":"SearchAction","target":{"@type":"EntryPoint","urlTemplate":"https:\/\/feriadellibrodeteruel.com\/?s={search_term_string}"},"query-input":{"@type":"PropertyValueSpecification","valueRequired":true,"valueName":"search_term_string"}}],"inLanguage":"en-US"},{"@type":"Organization","@id":"https:\/\/feriadellibrodeteruel.com\/#organization","name":"Feria del libro y el c\u00f3mic de Teruel","url":"https:\/\/feriadellibrodeteruel.com\/","logo":{"@type":"ImageObject","inLanguage":"en-US","@id":"https:\/\/feriadellibrodeteruel.com\/#\/schema\/logo\/image\/","url":"https:\/\/feriadellibrodeteruel.com\/wp-content\/uploads\/2023\/04\/FeriaDelLibroyelComicDeTeruel.jpg","contentUrl":"https:\/\/feriadellibrodeteruel.com\/wp-content\/uploads\/2023\/04\/FeriaDelLibroyelComicDeTeruel.jpg","width":1200,"height":1200,"caption":"Feria del libro y el c\u00f3mic de Teruel"},"image":{"@id":"https:\/\/feriadellibrodeteruel.com\/#\/schema\/logo\/image\/"},"sameAs":["https:\/\/www.facebook.com\/feriadellibroyelcomicdeteruel\/","https:\/\/x.com\/libroteruel"]}]}},"_links":{"self":[{"href":"https:\/\/feriadellibrodeteruel.com\/en\/wp-json\/wp\/v2\/pages\/312","targetHints":{"allow":["GET"]}}],"collection":[{"href":"https:\/\/feriadellibrodeteruel.com\/en\/wp-json\/wp\/v2\/pages"}],"about":[{"href":"https:\/\/feriadellibrodeteruel.com\/en\/wp-json\/wp\/v2\/types\/page"}],"author":[{"embeddable":true,"href":"https:\/\/feriadellibrodeteruel.com\/en\/wp-json\/wp\/v2\/users\/2"}],"replies":[{"embeddable":true,"href":"https:\/\/feriadellibrodeteruel.com\/en\/wp-json\/wp\/v2\/comments?post=312"}],"version-history":[{"count":0,"href":"https:\/\/feriadellibrodeteruel.com\/en\/wp-json\/wp\/v2\/pages\/312\/revisions"}],"up":[{"embeddable":true,"href":"https:\/\/feriadellibrodeteruel.com\/en\/wp-json\/wp\/v2\/pages\/402"}],"wp:featuredmedia":[{"embeddable":true,"href":"https:\/\/feriadellibrodeteruel.com\/en\/wp-json\/wp\/v2\/media\/1174"}],"wp:attachment":[{"href":"https:\/\/feriadellibrodeteruel.com\/en\/wp-json\/wp\/v2\/media?parent=312"}],"curies":[{"name":"wp","href":"https:\/\/api.w.org\/{rel}","templated":true}]}}